{"id":2199,"date":"2023-11-10T20:45:40","date_gmt":"2023-11-10T19:45:40","guid":{"rendered":"https:\/\/www.cvjm-ofterdingen.de\/wp01\/?post_type=tribe_events&#038;p=2199"},"modified":"2024-05-09T21:04:14","modified_gmt":"2024-05-09T19:04:14","slug":"sos-gottesdienst-2024-mai","status":"publish","type":"tribe_events","link":"https:\/\/www.cvjm-ofterdingen.de\/wp01\/event\/sos-gottesdienst-2024-mai\/","title":{"rendered":"SOS-Gottesdienst &#8211; Mai 2024"},"content":{"rendered":"<p>Hallo zusammen,<\/p>\n<p>der <strong>n\u00e4chste SOS findet zusammen mit dem iT.service Gottesdienst aus \u00d6schingen am 17.03.2024 um 18.00 Uhr <\/strong>statt.<br \/>\nWir treffen uns im ev. Gemeindehaus in \u00d6schingen. Fabian Ohler ist zum Thema &#8222;Leuchtturm Gottes&#8220; unser Gast.<\/p>\n<p>Bist du neugierig geworden? \u2013 Wir freuen uns, wenn du vorbeikommst! Bring gern noch jemanden mit! Jede Altersgruppe ist herzlich willkommen!<\/p>\n<p>Bis bald,<br \/>\nDein SOS-Team<\/p>\n","protected":false},"excerpt":{"rendered":"<p>Hallo zusammen, der n\u00e4chste SOS findet zusammen mit dem iT.service Gottesdienst aus \u00d6schingen am 17.03.2024 um 18.00 Uhr statt. Wir treffen uns im ev. Gemeindehaus in \u00d6schingen. Fabian Ohler ist zum Thema &#8222;Leuchtturm Gottes&#8220; unser Gast. Bist du neugierig geworden? &hellip; <a href=\"https:\/\/www.cvjm-ofterdingen.de\/wp01\/event\/sos-gottesdienst-2024-mai\/\">Weiterlesen <span class=\"meta-nav\">&rarr;<\/span><\/a><\/p>\n","protected":false},"author":1,"featured_media":2402,"template":"","meta":{"_tribe_events_status":"","_tribe_events_status_reason":"","footnotes":""},"tags":[59,84,95,97,213,340,109,118,127,131,139,142,152],"tribe_events_cat":[194,178,179,180,181,182,195,183,184,185,296,188,189,384,383,190,191,192],"class_list":["post-2199","tribe_events","type-tribe_events","status-publish","has-post-thumbnail","hentry","tag-erwachsene","tag-gottesdienst","tag-jugendgottesdienst","tag-jugendliche","tag-kirche","tag-lieder","tag-lobpreis","tag-predigt","tag-singen","tag-sos","tag-teenager","tag-teens","tag-veranstaltung","tribe_events_cat-andacht","tribe_events_cat-erwachsene","tribe_events_cat-essen","tribe_events_cat-essen-trinken","tribe_events_cat-event","tribe_events_cat-familien","tribe_events_cat-geschichte","tribe_events_cat-gottesdienst","tribe_events_cat-input","tribe_events_cat-jugendliche","tribe_events_cat-jugo","tribe_events_cat-lobpreis","tribe_events_cat-musik","tribe_events_cat-sos","tribe_events_cat-sos-gottesdienst","tribe_events_cat-teenager","tribe_events_cat-teens","tribe_events_cat-worship","cat_andacht","cat_erwachsene","cat_essen","cat_essen-trinken","cat_event","cat_familien","cat_geschichte","cat_gottesdienst","cat_input","cat_jugendliche","cat_jugo","cat_lobpreis","cat_musik","cat_sos","cat_sos-gottesdienst","cat_teenager","cat_teens","cat_worship"],"_links":{"self":[{"href":"https:\/\/www.cvjm-ofterdingen.de\/wp01\/wp-json\/wp\/v2\/tribe_events\/2199","targetHints":{"allow":["GET"]}}],"collection":[{"href":"https:\/\/www.cvjm-ofterdingen.de\/wp01\/wp-json\/wp\/v2\/tribe_events"}],"about":[{"href":"https:\/\/www.cvjm-ofterdingen.de\/wp01\/wp-json\/wp\/v2\/types\/tribe_events"}],"author":[{"embeddable":true,"href":"https:\/\/www.cvjm-ofterdingen.de\/wp01\/wp-json\/wp\/v2\/users\/1"}],"version-history":[{"count":2,"href":"https:\/\/www.cvjm-ofterdingen.de\/wp01\/wp-json\/wp\/v2\/tribe_events\/2199\/revisions"}],"predecessor-version":[{"id":2404,"href":"https:\/\/www.cvjm-ofterdingen.de\/wp01\/wp-json\/wp\/v2\/tribe_events\/2199\/revisions\/2404"}],"wp:featuredmedia":[{"embeddable":true,"href":"https:\/\/www.cvjm-ofterdingen.de\/wp01\/wp-json\/wp\/v2\/media\/2402"}],"wp:attachment":[{"href":"https:\/\/www.cvjm-ofterdingen.de\/wp01\/wp-json\/wp\/v2\/media?parent=2199"}],"wp:term":[{"taxonomy":"post_tag","embeddable":true,"href":"https:\/\/www.cvjm-ofterdingen.de\/wp01\/wp-json\/wp\/v2\/tags?post=2199"},{"taxonomy":"tribe_events_cat","embeddable":true,"href":"https:\/\/www.cvjm-ofterdingen.de\/wp01\/wp-json\/wp\/v2\/tribe_events_cat?post=2199"}],"curies":[{"name":"wp","href":"https:\/\/api.w.org\/{rel}","templated":true}]}}